{"id":4,"date":"2015-03-02T13:21:18","date_gmt":"2015-03-02T12:21:18","guid":{"rendered":"http:\/\/grundei.peterseim.info\/?page_id=4"},"modified":"2023-09-26T14:17:00","modified_gmt":"2023-09-26T12:17:00","slug":"willkommen","status":"publish","type":"page","link":"https:\/\/www.grundei.de\/en_GB\/","title":{"rendered":"Willkommen"},"content":{"rendered":"\n<figure class=\"wp-block-video\"><video controls src=\"https:\/\/www.grundei.de\/Download\/Grundei Coilf\u00e4hre Final_WEB_mittel.mp4\"><\/video><figcaption class=\"wp-element-caption\">Die Grundei Coilf\u00e4hre<\/figcaption><\/figure>\n\n\n<p style=\"text-align: left;\">Seit unserer Gr\u00fcndung im Jahre 1985 befassen wir uns mit der Konstruktion und Fertigung qualitativ hochwertiger Hebe- und Verladetechnik. Unsere St\u00e4rke sind die, individuell, auf Ihre Belange abgestimmten, Produktl\u00f6sungen. Wir begleiten Sie von der ersten Beratung, \u00fcber die Konstruktion bis hin zur Fertigung und Montage unserer Hebe- und Verladetechnik.<\/p>\n<p style=\"text-align: left;\">Aufgrund unseres kontinuierlichen Wachstums besch\u00e4ftigen wir derzeit 40 Mitarbeiter in Bergneustadt, sowie 25 Mitarbeiter in Shanghai. Eine moderne Personalpolitik, sowie flexible Arbeitszeitregelungen garantieren uns eine hohe Personaltreue und machen unser Unternehmen interessant f\u00fcr junge Fachkr\u00e4fte.<\/p>\n<p style=\"text-align: left;\">Das von Herrn Manfred Grundei gegr\u00fcndete und gef\u00fchrte Unternehmen fertigt heute in Deutschland auf ca. 6000 qm Produktionsfl\u00e4che. Ein neues B\u00fcrogeb\u00e4ude wurde im Jahr 2020 bezogen. Dar\u00fcber hinaus stehen uns in Shanghai weitere 2000 qm Produktionsfl\u00e4che zur Verf\u00fcgung.<\/p>\n<p style=\"text-align: left;\">Um die Vision von Herrn Manfred Grundei weiterzuf\u00fchren wurde im Jahr 2000 das Unternehmen in eine GmbH gewandelt, in der Herr Thorsten Grundei als Gesch\u00e4ftsf\u00fchrer neben Herrn Manfred Grundei t\u00e4tig ist.<\/p>","protected":false},"excerpt":{"rendered":"<p><!-- wp:video {\"id\":1930} --><\/p>\n<figure class=\"wp-block-video\"><video controls src=\"https:\/\/www.grundei.de\/Download\/Grundei Coilf\u00e4hre Final_WEB_mittel.mp4\"><\/video><figcaption class=\"wp-element-caption\">Die Grundei Coilf\u00e4hre<\/figcaption><\/figure>\n<p><!-- ...\n<\/p>\n","protected":false},"author":1,"featured_media":0,"parent":0,"menu_order":0,"comment_status":"closed","ping_status":"closed","template":"","meta":{"ngg_post_thumbnail":0,"jetpack_post_was_ever_published":false,"footnotes":""},"jetpack_sharing_enabled":true,"jetpack_shortlink":"https:\/\/wp.me\/P6Gw03-4","_links":{"self":[{"href":"https:\/\/www.grundei.de\/en_GB\/wp-json\/wp\/v2\/pages\/4"}],"collection":[{"href":"https:\/\/www.grundei.de\/en_GB\/wp-json\/wp\/v2\/pages"}],"about":[{"href":"https:\/\/www.grundei.de\/en_GB\/wp-json\/wp\/v2\/types\/page"}],"author":[{"embeddable":true,"href":"https:\/\/www.grundei.de\/en_GB\/wp-json\/wp\/v2\/users\/1"}],"replies":[{"embeddable":true,"href":"https:\/\/www.grundei.de\/en_GB\/wp-json\/wp\/v2\/comments?post=4"}],"version-history":[{"count":59,"href":"https:\/\/www.grundei.de\/en_GB\/wp-json\/wp\/v2\/pages\/4\/revisions"}],"predecessor-version":[{"id":1942,"href":"https:\/\/www.grundei.de\/en_GB\/wp-json\/wp\/v2\/pages\/4\/revisions\/1942"}],"wp:attachment":[{"href":"https:\/\/www.grundei.de\/en_GB\/wp-json\/wp\/v2\/media?parent=4"}],"curies":[{"name":"wp","href":"https:\/\/api.w.org\/{rel}","templated":true}]}}